{"id":2521,"date":"2017-12-28T08:57:40","date_gmt":"2017-12-28T07:57:40","guid":{"rendered":"https:\/\/www.utrera.org\/?post_type=project&#038;p=2521"},"modified":"2024-08-21T15:32:58","modified_gmt":"2024-08-21T14:32:58","slug":"area-de-medio-ambiente-cambio-climatico-y-salud-publica","status":"publish","type":"project","link":"https:\/\/www.utrera.org\/en\/project\/area-de-medio-ambiente-cambio-climatico-y-salud-publica\/","title":{"rendered":"President's Office"},"content":{"rendered":"[et_pb_section fb_built=\u00bb1&#8243; _builder_version=\u00bb4.16&#8243; background_color=\u00bb#e8e8e8&#8243; global_colors_info=\u00bb{}\u00bb][et_pb_row _builder_version=\u00bb4.16&#8243; background_size=\u00bbinitial\u00bb background_position=\u00bbtop_left\u00bb background_repeat=\u00bbrepeat\u00bb global_colors_info=\u00bb{}\u00bb][et_pb_column type=\u00bb4_4&#8243; _builder_version=\u00bb4.16&#8243; custom_padding=\u00bb|||\u00bb global_colors_info=\u00bb{}\u00bb custom_padding__hover=\u00bb|||\u00bb][et_pb_text _builder_version=\u00bb4.16&#8243; global_colors_info=\u00bb{}\u00bb]\n<h2>\u00bfQUIENES SON LAS PERSONAS RESPONSABLES DE ESTE \u00c1REA?<\/h2>\n[\/et_pb_text][\/et_pb_column][\/et_pb_row][et_pb_row column_structure=\u00bb1_2,1_2&#8243; _builder_version=\u00bb4.16&#8243; background_size=\u00bbinitial\u00bb background_position=\u00bbtop_left\u00bb background_repeat=\u00bbrepeat\u00bb global_colors_info=\u00bb{}\u00bb][et_pb_column type=\u00bb1_2&#8243; _builder_version=\u00bb4.16&#8243; custom_padding=\u00bb|||\u00bb global_colors_info=\u00bb{}\u00bb custom_padding__hover=\u00bb|||\u00bb][et_pb_blurb title=\u00bbD. Francisco Jim\u00e9nez Morales\u00bb url=\u00bbhttps:\/\/transparencia.utrera.org\/project\/francisco-jimenez-morales\/\u00bb image=\u00bbhttps:\/\/www.utrera.org\/wp-content\/uploads\/2023\/07\/PP_Alcalde_Francisco_Paula_Jimenez.jpg\u00bb admin_label=\u00bbpersona B\u00bb _builder_version=\u00bb4.21.0&#8243; animation=\u00bboff\u00bb use_circle=\u00bboff\u00bb use_circle_border=\u00bboff\u00bb saved_tabs=\u00bball\u00bb global_colors_info=\u00bb{}\u00bb]\n<p><a href=\"https:\/\/transparencia.utrera.org\/project\/francisco-jimenez-morales\/\">Alcalde<\/a><\/p>\n[\/et_pb_blurb][et_pb_blurb title=\u00bbD. Jos\u00e9 Luis Sousa Mar\u00edn\u00bb url=\u00bbhttps:\/\/transparencia.utrera.org\/project\/jose-luis-sousa-marin\/\u00bb image=\u00bbhttps:\/\/www.utrera.org\/wp-content\/uploads\/2017\/12\/PP_Jose_Luis_Sousa.jpg\u00bb admin_label=\u00bbpersona B\u00bb _builder_version=\u00bb4.21.0&#8243; animation=\u00bboff\u00bb hover_enabled=\u00bb0&#8243; use_circle=\u00bboff\u00bb use_circle_border=\u00bboff\u00bb saved_tabs=\u00bball\u00bb global_colors_info=\u00bb{}\u00bb sticky_enabled=\u00bb0&#8243;]\n<p><a href=\"https:\/\/transparencia.utrera.org\/project\/jose-luis-sousa-marin\/\">Delegado de Nuevas Tecnolog\u00edas, Transparencia y Ciudad Inteligente<\/a><\/p>\n[\/et_pb_blurb][\/et_pb_column][et_pb_column type=\u00bb1_2&#8243; _builder_version=\u00bb4.16&#8243; custom_padding=\u00bb|||\u00bb global_colors_info=\u00bb{}\u00bb custom_padding__hover=\u00bb|||\u00bb][et_pb_blurb title=\u00bbD. Ignacio Jos\u00e9 Aguilar Ferrera\u00bb url=\u00bbhttps:\/\/transparencia.utrera.org\/project\/ignacio-jose-aguilar-ferrera\/\u00bb image=\u00bbhttps:\/\/www.utrera.org\/wp-content\/uploads\/2017\/12\/PP_Ignacio_Jose_Aguilar.jpg\u00bb admin_label=\u00bbpersona B\u00bb _builder_version=\u00bb4.21.0&#8243; animation=\u00bboff\u00bb hover_enabled=\u00bb0&#8243; use_circle=\u00bboff\u00bb use_circle_border=\u00bboff\u00bb saved_tabs=\u00bball\u00bb global_colors_info=\u00bb{}\u00bb sticky_enabled=\u00bb0&#8243;]\n<p><a href=\"https:\/\/transparencia.utrera.org\/project\/ignacio-jose-aguilar-ferrera\/\">Delegado de Presidencia, Coordinaci\u00f3n de \u00c1reas, Relaciones Institucionales, Educaci\u00f3n y Mayores<\/a><\/p>\n[\/et_pb_blurb][\/et_pb_column][\/et_pb_row][\/et_pb_section][et_pb_section fb_built=\u00bb1&#8243; _builder_version=\u00bb4.16&#8243; global_colors_info=\u00bb{}\u00bb][et_pb_row _builder_version=\u00bb4.16&#8243; background_size=\u00bbinitial\u00bb background_position=\u00bbtop_left\u00bb background_repeat=\u00bbrepeat\u00bb global_colors_info=\u00bb{}\u00bb][et_pb_column type=\u00bb4_4&#8243; _builder_version=\u00bb4.16&#8243; custom_padding=\u00bb|||\u00bb global_colors_info=\u00bb{}\u00bb custom_padding__hover=\u00bb|||\u00bb][et_pb_text _builder_version=\u00bb4.16&#8243; global_colors_info=\u00bb{}\u00bb]\n<h2>\u00bfQU\u00c9 SERVICIOS SE PRESTAN EN ESTE \u00c1REA?<\/h2>\n[\/et_pb_text][et_pb_text _builder_version=\u00bb4.16&#8243; global_colors_info=\u00bb{}\u00bb]A continuaci\u00f3n se detallan los servicios m\u00e1s destacados y demandados por el ciudadano.<br \/>\n[\/et_pb_text][et_pb_filterable_portfolio include_categories=\u00bb40,28&#8243; show_categories=\u00bboff\u00bb _builder_version=\u00bb4.21.0&#8243; title_font=\u00bb|||||on|||\u00bb pagination_font_size_tablet=\u00bb51&#8243; pagination_line_height_tablet=\u00bb2&#8243; global_colors_info=\u00bb{}\u00bb][\/et_pb_filterable_portfolio][\/et_pb_column][\/et_pb_row][\/et_pb_section][et_pb_section fb_built=\u00bb1&#8243; _builder_version=\u00bb4.16&#8243; background_color=\u00bb#e8e8e8&#8243; global_colors_info=\u00bb{}\u00bb][et_pb_row _builder_version=\u00bb4.16&#8243; background_size=\u00bbinitial\u00bb background_position=\u00bbtop_left\u00bb background_repeat=\u00bbrepeat\u00bb global_colors_info=\u00bb{}\u00bb][et_pb_column type=\u00bb4_4&#8243; _builder_version=\u00bb4.16&#8243; custom_padding=\u00bb|||\u00bb global_colors_info=\u00bb{}\u00bb custom_padding__hover=\u00bb|||\u00bb][et_pb_text admin_label=\u00bbAGENDA\u00bb _builder_version=\u00bb4.16&#8243; global_colors_info=\u00bb{}\u00bb]\n<h2>AGENDA<\/h2>\n[\/et_pb_text][et_pb_text _builder_version=\u00bb4.16&#8243; global_colors_info=\u00bb{}\u00bb]<!-- EventON Calendar --><div id='evcal_calendar_388' class='ajde_evcal_calendar boxy color tbg1 boxstyle0 box_3 ajax_loading_cal' ><div id='evcal_head' class='calendar_header ' ><div class='evo_cal_above'><span class='evo-jumper-btn'>Saltar meses<\/span><span class='evo-gototoday-btn' style='display:none' data-mo='5' data-yr='2026' data-dy=''>Mes actual<\/span><\/div><div class='evo_cal_above_content'><div class='evo_j_container' style='display:block'>\r\n\t\t\t\t\t\t<div class='evo_j_months evo_j_dates' data-val='m'>\r\n\t\t\t\t\t\t\t<div class='legend evo_jumper_months'><a data-val='1'  title='enero' >enero<\/a><a data-val='2'  title='febrero' >febrero<\/a><a data-val='3'  title='marzo' >marzo<\/a><a data-val='4'  title='abril' >abril<\/a><a data-val='5' class=\"current set\" title='mayo' >mayo<\/a><a data-val='6'  title='junio' >junio<\/a><a data-val='7'  title='julio' >julio<\/a><a data-val='8'  title='agosto' >agosto<\/a><a data-val='9'  title='septiembre' >septiembre<\/a><a data-val='10'  title='octubre' >octubre<\/a><a data-val='11'  title='noviembre' >noviembre<\/a><a data-val='12'  title='diciembre' >diciembre<\/a><\/div><div class='clear'><\/div><\/div>\r\n\t\t\t\t\t\t\r\n\t\t\t\t\t\t<div class='evo_j_years evo_j_dates' data-val='y'>\r\n\t\t\t\t\t\t\t<p class='legend'><a data-val=\"2024\">2024<\/a><a data-val=\"2025\">2025<\/a><a class='current set' data-val=\"2026\">2026<\/a><a data-val=\"2027\">2027<\/a><a data-val=\"2028\">2028<\/a><\/p><div class='clear'><\/div>\r\n\t\t\t\t\t\t<\/div>\r\n\t\t\t\t\t<\/div><\/div><div class='evo_header_title '><p id='evcal_cur' class='evo_month_title'> mayo, 2026<\/p><p class='evo_arrows'><span id='evcal_prev' class='evcal_arrows evcal_btn_prev' ><\/span><span id='evcal_next' class='evcal_arrows evo_arrow_next evcal_btn_next' ><\/span><\/p><\/div><\/div><div id='eventon_loadbar_section'><div id='eventon_loadbar'><\/div><\/div><div class='evo_ajax_load_events'><span><\/span><span><\/span><span><\/span><\/div><!-- Events List --><div id='evcal_list' \r\n\t\t\t\t\tclass='eventon_events_list '>\t\t\t<div class='clear'><\/div>\r\n\t\t\t<\/div>\r\n\t\t\t<div class='clear'><\/div>\r\n\t\t\t\t\t \t<div id='evcal_footer' class='evo_bottom' style='display:none'>\r\n\t\t \t\t<div class='evo_cal_data'  data-sc='{\"accord\":\"no\",\"bottom_nav\":\"no\",\"cal_id\":\"\",\"cal_init_nonajax\":\"no\",\"calendar_type\":\"default\",\"ep_fields\":\"\",\"etc_override\":\"no\",\"evc_open\":\"no\",\"event_count\":0,\"event_location\":\"all\",\"event_order\":\"ASC\",\"event_organizer\":\"all\",\"event_parts\":\"no\",\"event_past_future\":\"all\",\"event_status\":\"all\",\"event_tag\":\"all\",\"event_type\":\"581\",\"event_type_2\":\"all\",\"event_type_3\":\"all\",\"event_type_4\":\"all\",\"event_type_5\":\"all\",\"event_virtual\":\"all\",\"eventtop_date_style\":0,\"eventtop_style\":\"2\",\"exp_jumper\":\"yes\",\"exp_so\":\"no\",\"filter_relationship\":\"AND\",\"filter_show_set_only\":\"no\",\"filter_type\":\"default\",\"filters\":\"yes\",\"fixed_month\":\"5\",\"fixed_year\":\"2026\",\"focus_end_date_range\":\"1780271999\",\"focus_start_date_range\":\"1777593600\",\"ft_event_priority\":\"no\",\"hide_arrows\":\"no\",\"hide_cancels\":\"no\",\"hide_empty_months\":\"no\",\"hide_end_time\":\"no\",\"hide_et_dn\":\"no\",\"hide_et_extra\":\"no\",\"hide_et_tags\":\"no\",\"hide_et_tl\":\"no\",\"hide_ft\":\"no\",\"hide_ft_img\":\"no\",\"hide_month_headers\":\"no\",\"hide_mult_occur\":\"no\",\"hide_past\":\"no\",\"hide_past_by\":\"ee\",\"hide_so\":\"no\",\"ics\":\"no\",\"jumper\":\"yes\",\"jumper_count\":5,\"jumper_offset\":\"0\",\"lang\":\"L1\",\"layout_changer\":\"no\",\"livenow_bar\":\"yes\",\"mapformat\":\"roadmap\",\"mapiconurl\":\"\",\"maps_load\":\"yes\",\"mapscroll\":\"true\",\"mapzoom\":\"18\",\"members_only\":\"no\",\"ml_priority\":\"no\",\"month_incre\":0,\"number_of_months\":\"1\",\"only_ft\":\"no\",\"pec\":\"\",\"rss\":\"no\",\"s\":\"\",\"search\":\"\",\"search_all\":\"no\",\"sep_month\":\"no\",\"show_et_ft_img\":\"no\",\"show_limit\":\"no\",\"show_limit_ajax\":\"no\",\"show_limit_paged\":1,\"show_limit_redir\":\"\",\"show_repeats\":\"no\",\"show_upcoming\":0,\"show_year\":\"no\",\"social_share\":\"no\",\"sort_by\":\"sort_date\",\"tile_bg\":\"1\",\"tile_bg_size\":\"full\",\"tile_count\":\"3\",\"tile_height\":\"250\",\"tile_style\":0,\"tiles\":\"yes\",\"ux_val\":\"0\",\"view_switcher\":\"no\",\"wpml_l1\":\"\",\"wpml_l2\":\"\",\"wpml_l3\":\"\",\"yl_priority\":\"no\",\"fixed_day\":\"1\",\"_cver\":\"4.4.2\"}' data-od='{\"lang_no_events\":\"No hay eventos\"}'><\/div>\r\n\t\t \t\t<div class='evo_cal_events' data-events=\"\"><\/div>\r\n\t\t \t<\/div>\r\n\t\t\t\t\r\n\t\t\t\r\n\t\t\t\t\t\t<\/div><!-- EventON End -->\r\n\t\t\t\n[\/et_pb_text][\/et_pb_column][\/et_pb_row][\/et_pb_section][et_pb_section fb_built=\u00bb1&#8243; _builder_version=\u00bb4.16&#8243; global_colors_info=\u00bb{}\u00bb][et_pb_row column_structure=\u00bb1_2,1_2&#8243; _builder_version=\u00bb4.16&#8243; background_size=\u00bbinitial\u00bb background_position=\u00bbtop_left\u00bb background_repeat=\u00bbrepeat\u00bb global_colors_info=\u00bb{}\u00bb][et_pb_column type=\u00bb1_2&#8243; _builder_version=\u00bb4.16&#8243; custom_padding=\u00bb|||\u00bb global_colors_info=\u00bb{}\u00bb custom_padding__hover=\u00bb|||\u00bb][et_pb_text _builder_version=\u00bb4.16&#8243; global_colors_info=\u00bb{}\u00bb]\n<h2>RECURSOS DE INTER\u00c9S<\/h2>\n[\/et_pb_text][et_pb_text _builder_version=\u00bb4.16&#8243; global_colors_info=\u00bb{}\u00bb]\n<ul>\n<li><a href=\"https:\/\/www.utrera.org\/flora-y-fauna-local\/\" target=\"_blank\" rel=\"noopener noreferrer\">Flora y fauna local<\/a><\/li>\n<li><a href=\"\/espacios-naturales-en-el-termino-municipal-de-utrera\/\">Espacios naturales en el t\u00e9rmino municipal de Utrera<\/a><\/li>\n<li><a href=\"https:\/\/www.utrera.org\/caminos-rurales\/\" target=\"_blank\" rel=\"noopener noreferrer\">Caminos rurales<\/a><\/li>\n<li><a href=\"https:\/\/www.utrera.org\/guia-de-los-espacios-naturales-protegidos-de-utrera\/\" target=\"_blank\" rel=\"noopener noreferrer\">Guia de los espacios naturales<\/a><\/li>\n<\/ul>\n[\/et_pb_text][\/et_pb_column][et_pb_column type=\u00bb1_2&#8243; _builder_version=\u00bb4.16&#8243; custom_padding=\u00bb|||\u00bb global_colors_info=\u00bb{}\u00bb custom_padding__hover=\u00bb|||\u00bb][et_pb_text _builder_version=\u00bb4.16&#8243; global_colors_info=\u00bb{}\u00bb]\n<h2>NORMATIVA<\/h2>\n[\/et_pb_text][et_pb_text _builder_version=\u00bb4.16&#8243; global_colors_info=\u00bb{}\u00bb][\/et_pb_text][\/et_pb_column][\/et_pb_row][et_pb_row column_structure=\u00bb1_2,1_2&#8243; _builder_version=\u00bb4.16&#8243; background_size=\u00bbinitial\u00bb background_position=\u00bbtop_left\u00bb background_repeat=\u00bbrepeat\u00bb global_colors_info=\u00bb{}\u00bb][et_pb_column type=\u00bb1_2&#8243; _builder_version=\u00bb4.16&#8243; custom_padding=\u00bb|||\u00bb global_colors_info=\u00bb{}\u00bb custom_padding__hover=\u00bb|||\u00bb][et_pb_text _builder_version=\u00bb4.16&#8243; global_colors_info=\u00bb{}\u00bb]\n<h2>REDES SOCIALES DE CIUDADAN\u00cdA Y ECOLOG\u00cdA<\/h2>\n[\/et_pb_text][et_pb_text _builder_version=\u00bb4.16&#8243; global_colors_info=\u00bb{}\u00bb]\n<ul>\n<li><a href=\"https:\/\/www.facebook.com\/participacionciudadanautrera\/\" target=\"_blank\" rel=\"noopener noreferrer\">Facebook<\/a><\/li>\n<\/ul>\n[\/et_pb_text][\/et_pb_column][et_pb_column type=\u00bb1_2&#8243; _builder_version=\u00bb4.16&#8243; custom_padding=\u00bb|||\u00bb global_colors_info=\u00bb{}\u00bb custom_padding__hover=\u00bb|||\u00bb][\/et_pb_column][\/et_pb_row][\/et_pb_section][et_pb_section fb_built=\u00bb1&#8243; _builder_version=\u00bb4.16&#8243; background_color=\u00bb#e8e8e8&#8243; global_colors_info=\u00bb{}\u00bb][et_pb_row _builder_version=\u00bb4.16&#8243; global_colors_info=\u00bb{}\u00bb][et_pb_column type=\u00bb4_4&#8243; _builder_version=\u00bb4.16&#8243; custom_padding=\u00bb|||\u00bb global_colors_info=\u00bb{}\u00bb custom_padding__hover=\u00bb|||\u00bb][et_pb_text admin_label=\u00bbNUESTRAS OFICINAS\u00bb _builder_version=\u00bb4.16&#8243; global_colors_info=\u00bb{}\u00bb]\n<h2>NUESTRAS OFICINAS<\/h2>\n[\/et_pb_text][et_pb_text _builder_version=\u00bb4.21.0&#8243; hover_enabled=\u00bb0&#8243; global_colors_info=\u00bb{}\u00bb sticky_enabled=\u00bb0&#8243;]<a href=\"https:\/\/www.utrera.org\/project\/oficina-de-servicios-generales-de-alcaldia-presidencia\/\">Oficina de Servicios Generales de Presidencia y Territorio<\/a><br \/>\n<a href=\"https:\/\/www.utrera.org\/project\/oficina-de-gabinete-de-comunicacion-social-y-protocolo\/\">Oficina de Presidencia y Comunicaci\u00f3n<\/a><br \/>\nOficina de Educaci\u00f3n y Mayores<br \/>\nOficina de Centro de Atenci\u00f3n Infantil (CAIT)<br \/>\n<a href=\"https:\/\/www.utrera.org\/project\/oficina-de-nuevas-tecnologias-y-transparencia\/\">Oficina de Nuevas Tecnolog\u00edas, Transparencia y Ciudad Inteligente<\/a>[\/et_pb_text][\/et_pb_column][\/et_pb_row][\/et_pb_section][et_pb_section fb_built=\u00bb1&#8243; _builder_version=\u00bb4.16&#8243; global_colors_info=\u00bb{}\u00bb][et_pb_row _builder_version=\u00bb4.16&#8243; background_size=\u00bbinitial\u00bb background_position=\u00bbtop_left\u00bb background_repeat=\u00bbrepeat\u00bb global_colors_info=\u00bb{}\u00bb][et_pb_column type=\u00bb4_4&#8243; _builder_version=\u00bb4.16&#8243; custom_padding=\u00bb|||\u00bb global_colors_info=\u00bb{}\u00bb custom_padding__hover=\u00bb|||\u00bb][et_pb_text _builder_version=\u00bb4.16&#8243; global_colors_info=\u00bb{}\u00bb]\n<h2>NOTICIAS<\/h2>\n[\/et_pb_text][et_pb_blog fullwidth=\u00bboff\u00bb posts_number=\u00bb30&#8243; include_categories=\u00bb693,728,803&#8243; meta_date=\u00bbj M Y\u00bb show_author=\u00bboff\u00bb show_categories=\u00bboff\u00bb show_pagination=\u00bboff\u00bb _builder_version=\u00bb4.16&#8243; pagination_font_size_tablet=\u00bb51&#8243; pagination_line_height_tablet=\u00bb2&#8243; use_dropshadow=\u00bboff\u00bb global_colors_info=\u00bb{}\u00bb][\/et_pb_blog][\/et_pb_column][\/et_pb_row][\/et_pb_section]\n","protected":false},"excerpt":{"rendered":"<p>Oficina de Parques y Jardines (Parks and Gardens)<br \/>\nOficina de Participaci\u00f3n Ciudadana y Solidaridad (Civic Involvement and Solidarity Office)<\/p>","protected":false},"author":2,"featured_media":0,"template":"","meta":{"_et_pb_use_builder":"on","_et_pb_old_content":"","_et_gb_content_width":"","footnotes":""},"project_category":[],"class_list":["post-2521","project","type-project","status-publish","hentry"],"yoast_head":"<!-- This site is optimized with the Yoast SEO plugin v27.3 - https:\/\/yoast.com\/product\/yoast-seo-wordpress\/ -->\n<title>\u00c1rea de Presidencia - Ayuntamiento de Utrera<\/title>\n<meta name=\"description\" content=\"Oficina de Parques y Jardines Oficina de Participaci\u00f3n Ciudadana y Solidaridad\" \/>\n<meta name=\"robots\" content=\"index, follow, max-snippet:-1, max-image-preview:large, max-video-preview:-1\" \/>\n<link rel=\"canonical\" href=\"https:\/\/www.utrera.org\/en\/project\/area-de-medio-ambiente-cambio-climatico-y-salud-publica\/\" \/>\n<meta property=\"og:locale\" content=\"en_GB\" \/>\n<meta property=\"og:type\" content=\"article\" \/>\n<meta property=\"og:title\" content=\"\u00c1rea de Presidencia - Ayuntamiento de Utrera\" \/>\n<meta property=\"og:description\" content=\"Oficina de Parques y Jardines Oficina de Participaci\u00f3n Ciudadana y Solidaridad\" \/>\n<meta property=\"og:url\" content=\"https:\/\/www.utrera.org\/en\/project\/area-de-medio-ambiente-cambio-climatico-y-salud-publica\/\" \/>\n<meta property=\"og:site_name\" content=\"Ayuntamiento de Utrera\" \/>\n<meta property=\"article:publisher\" content=\"https:\/\/www.facebook.com\/AyuntamientodeUtrera\/\" \/>\n<meta property=\"article:modified_time\" content=\"2024-08-21T14:32:58+00:00\" \/>\n<meta name=\"twitter:card\" content=\"summary_large_image\" \/>\n<meta name=\"twitter:site\" content=\"@CiudadUtrera\" \/>\n<meta name=\"twitter:label1\" content=\"Est. reading time\" \/>\n\t<meta name=\"twitter:data1\" content=\"17 minutes\" \/>\n<script type=\"application\/ld+json\" class=\"yoast-schema-graph\">{\"@context\":\"https:\\\/\\\/schema.org\",\"@graph\":[{\"@type\":\"WebPage\",\"@id\":\"https:\\\/\\\/www.utrera.org\\\/project\\\/area-de-medio-ambiente-cambio-climatico-y-salud-publica\\\/\",\"url\":\"https:\\\/\\\/www.utrera.org\\\/project\\\/area-de-medio-ambiente-cambio-climatico-y-salud-publica\\\/\",\"name\":\"\u00c1rea de Presidencia - Ayuntamiento de Utrera\",\"isPartOf\":{\"@id\":\"https:\\\/\\\/www.utrera.org\\\/#website\"},\"datePublished\":\"2017-12-28T07:57:40+00:00\",\"dateModified\":\"2024-08-21T14:32:58+00:00\",\"description\":\"Oficina de Parques y Jardines Oficina de Participaci\u00f3n Ciudadana y Solidaridad\",\"breadcrumb\":{\"@id\":\"https:\\\/\\\/www.utrera.org\\\/project\\\/area-de-medio-ambiente-cambio-climatico-y-salud-publica\\\/#breadcrumb\"},\"inLanguage\":\"en-GB\",\"potentialAction\":[{\"@type\":\"ReadAction\",\"target\":[\"https:\\\/\\\/www.utrera.org\\\/project\\\/area-de-medio-ambiente-cambio-climatico-y-salud-publica\\\/\"]}]},{\"@type\":\"BreadcrumbList\",\"@id\":\"https:\\\/\\\/www.utrera.org\\\/project\\\/area-de-medio-ambiente-cambio-climatico-y-salud-publica\\\/#breadcrumb\",\"itemListElement\":[{\"@type\":\"ListItem\",\"position\":1,\"name\":\"Inicio\",\"item\":\"https:\\\/\\\/www.utrera.org\\\/\"},{\"@type\":\"ListItem\",\"position\":2,\"name\":\"Proyectos\",\"item\":\"https:\\\/\\\/www.utrera.org\\\/project\\\/\"},{\"@type\":\"ListItem\",\"position\":3,\"name\":\"\u00c1rea de Presidencia\"}]},{\"@type\":\"WebSite\",\"@id\":\"https:\\\/\\\/www.utrera.org\\\/#website\",\"url\":\"https:\\\/\\\/www.utrera.org\\\/\",\"name\":\"Ayuntamiento de Utrera\",\"description\":\"Web Municipal del Ayuntamiento de Utrera\",\"potentialAction\":[{\"@type\":\"SearchAction\",\"target\":{\"@type\":\"EntryPoint\",\"urlTemplate\":\"https:\\\/\\\/www.utrera.org\\\/?s={search_term_string}\"},\"query-input\":{\"@type\":\"PropertyValueSpecification\",\"valueRequired\":true,\"valueName\":\"search_term_string\"}}],\"inLanguage\":\"en-GB\"}]}<\/script>\n<!-- \/ Yoast SEO plugin. -->","yoast_head_json":{"title":"\u00c1rea de Presidencia - Ayuntamiento de Utrera","description":"Oficina de Parques y Jardines Oficina de Participaci\u00f3n Ciudadana y Solidaridad","robots":{"index":"index","follow":"follow","max-snippet":"max-snippet:-1","max-image-preview":"max-image-preview:large","max-video-preview":"max-video-preview:-1"},"canonical":"https:\/\/www.utrera.org\/en\/project\/area-de-medio-ambiente-cambio-climatico-y-salud-publica\/","og_locale":"en_GB","og_type":"article","og_title":"\u00c1rea de Presidencia - Ayuntamiento de Utrera","og_description":"Oficina de Parques y Jardines Oficina de Participaci\u00f3n Ciudadana y Solidaridad","og_url":"https:\/\/www.utrera.org\/en\/project\/area-de-medio-ambiente-cambio-climatico-y-salud-publica\/","og_site_name":"Ayuntamiento de Utrera","article_publisher":"https:\/\/www.facebook.com\/AyuntamientodeUtrera\/","article_modified_time":"2024-08-21T14:32:58+00:00","twitter_card":"summary_large_image","twitter_site":"@CiudadUtrera","twitter_misc":{"Est. reading time":"17 minutes"},"schema":{"@context":"https:\/\/schema.org","@graph":[{"@type":"WebPage","@id":"https:\/\/www.utrera.org\/project\/area-de-medio-ambiente-cambio-climatico-y-salud-publica\/","url":"https:\/\/www.utrera.org\/project\/area-de-medio-ambiente-cambio-climatico-y-salud-publica\/","name":"\u00c1rea de Presidencia - Ayuntamiento de Utrera","isPartOf":{"@id":"https:\/\/www.utrera.org\/#website"},"datePublished":"2017-12-28T07:57:40+00:00","dateModified":"2024-08-21T14:32:58+00:00","description":"Oficina de Parques y Jardines Oficina de Participaci\u00f3n Ciudadana y Solidaridad","breadcrumb":{"@id":"https:\/\/www.utrera.org\/project\/area-de-medio-ambiente-cambio-climatico-y-salud-publica\/#breadcrumb"},"inLanguage":"en-GB","potentialAction":[{"@type":"ReadAction","target":["https:\/\/www.utrera.org\/project\/area-de-medio-ambiente-cambio-climatico-y-salud-publica\/"]}]},{"@type":"BreadcrumbList","@id":"https:\/\/www.utrera.org\/project\/area-de-medio-ambiente-cambio-climatico-y-salud-publica\/#breadcrumb","itemListElement":[{"@type":"ListItem","position":1,"name":"Inicio","item":"https:\/\/www.utrera.org\/"},{"@type":"ListItem","position":2,"name":"Proyectos","item":"https:\/\/www.utrera.org\/project\/"},{"@type":"ListItem","position":3,"name":"\u00c1rea de Presidencia"}]},{"@type":"WebSite","@id":"https:\/\/www.utrera.org\/#website","url":"https:\/\/www.utrera.org\/","name":"City Council of Utrera","description":"Web Municipal del Ayuntamiento de Utrera","potentialAction":[{"@type":"SearchAction","target":{"@type":"EntryPoint","urlTemplate":"https:\/\/www.utrera.org\/?s={search_term_string}"},"query-input":{"@type":"PropertyValueSpecification","valueRequired":true,"valueName":"search_term_string"}}],"inLanguage":"en-GB"}]}},"_links":{"self":[{"href":"https:\/\/www.utrera.org\/en\/wp-json\/wp\/v2\/project\/2521","targetHints":{"allow":["GET"]}}],"collection":[{"href":"https:\/\/www.utrera.org\/en\/wp-json\/wp\/v2\/project"}],"about":[{"href":"https:\/\/www.utrera.org\/en\/wp-json\/wp\/v2\/types\/project"}],"author":[{"embeddable":true,"href":"https:\/\/www.utrera.org\/en\/wp-json\/wp\/v2\/users\/2"}],"version-history":[{"count":19,"href":"https:\/\/www.utrera.org\/en\/wp-json\/wp\/v2\/project\/2521\/revisions"}],"predecessor-version":[{"id":54641,"href":"https:\/\/www.utrera.org\/en\/wp-json\/wp\/v2\/project\/2521\/revisions\/54641"}],"wp:attachment":[{"href":"https:\/\/www.utrera.org\/en\/wp-json\/wp\/v2\/media?parent=2521"}],"wp:term":[{"taxonomy":"project_category","embeddable":true,"href":"https:\/\/www.utrera.org\/en\/wp-json\/wp\/v2\/project_category?post=2521"}],"curies":[{"name":"wp","href":"https:\/\/api.w.org\/{rel}","templated":true}]}}