{"id":10795,"date":"2018-08-02T12:33:09","date_gmt":"2018-08-02T11:33:09","guid":{"rendered":"https:\/\/www.utrera.org\/?page_id=10795"},"modified":"2026-02-10T16:40:09","modified_gmt":"2026-02-10T15:40:09","slug":"gobierno-municipal","status":"publish","type":"page","link":"https:\/\/www.utrera.org\/en\/gobierno-municipal\/","title":{"rendered":"Local Council"},"content":{"rendered":"[et_pb_section fb_built=\u00bb1&#8243; _builder_version=\u00bb4.21.0&#8243; _module_preset=\u00bbdefault\u00bb global_colors_info=\u00bb{}\u00bb][et_pb_row _builder_version=\u00bb4.21.0&#8243; _module_preset=\u00bbdefault\u00bb global_colors_info=\u00bb{}\u00bb][et_pb_column type=\u00bb4_4&#8243; _builder_version=\u00bb4.21.0&#8243; _module_preset=\u00bbdefault\u00bb global_colors_info=\u00bb{}\u00bb][et_pb_text _builder_version=\u00bb4.21.0&#8243; _module_preset=\u00bbdefault\u00bb global_colors_info=\u00bb{}\u00bb]\n<p><strong>Integrado por 14 miembros:<\/strong><\/p>\n[\/et_pb_text][\/et_pb_column][\/et_pb_row][et_pb_row _builder_version=\u00bb4.21.0&#8243; _module_preset=\u00bbdefault\u00bb][et_pb_column _builder_version=\u00bb4.21.0&#8243; _module_preset=\u00bbdefault\u00bb type=\u00bb4_4&#8243;][et_pb_text _builder_version=\u00bb4.21.0&#8243; _module_preset=\u00bbdefault\u00bb hover_enabled=\u00bb0&#8243; sticky_enabled=\u00bb0&#8243;]\n<ul>\n<li><strong>Por el Grupo Municipal del Partido Popular (PP):<\/strong>\n<ul>\n<li><strong>Francisco Paula Jim\u00e9nez Morales (Alcalde-Presidente)<\/strong><\/li>\n<li><strong>Consuelo Navarro Navarro (Primera Tenencia de Alcald\u00eda y Delegada de<br \/>Participaci\u00f3n Ciudadana, Medio Ambiente, Salubridad P\u00fablica y Bienestar<br \/>Animal.)<\/strong><\/li>\n<li><strong>Juan Antonio Plata Reinaldo (Segunda Tenencia de Alcald\u00eda y Delegado de<br \/>Presidencia, Seguridad Ciudadana y Emergencias, Coordinaci\u00f3n de \u00c1reas y<br \/>Relaciones Institucionales.)<\/strong><\/li>\n<li><strong>Alba Padilla Jim\u00e9nez (Cuarta Tenencia de Alcald\u00eda y Delegada de Bienestar<br \/>Social e Igualdad.)<\/strong><\/li>\n<li><strong>Jos\u00e9 Antonio L\u00f3pez Le\u00f3n (Quinta Tenencia de Alcald\u00eda y Delegado de Obras e<br \/>Infraestructura.)<\/strong><\/li>\n<li><strong>Mar\u00eda Luisa Reina Rodr\u00edguez (Sexta Tenencia de Aldald\u00eda y Delegada de<br \/>Urbanismo.)<\/strong><\/li>\n<li><strong>Mar\u00eda Josefa P\u00eda Garc\u00eda Arroyo (S\u00e9ptima Tenencia de Alcald\u00eda y Delegada de<br \/>Cultura y Patrimonio Hist\u00f3rico y Turismo.)<\/strong><\/li>\n<li><strong>Ignacio Jos\u00e9 Aguilar Ferrera (Octava Tenencia de Alcald\u00eda y Delegado de<br \/>Econom\u00eda y Hacienda y Gesti\u00f3n Econ\u00f3mico-Financiera.)<\/strong><\/li>\n<li><strong>Jos\u00e9 Luis Sousa Mar\u00edn (Delegado de Nuevas Tecnolog\u00edas, Transparencia y<br \/>Ciudad Inteligente y Pol\u00edtica Territorial.)<\/strong><\/li>\n<li><strong>F\u00e9lix G\u00f3mez Barro (Delegado de Movilidad Urbana Sostenible, Recogida de<br \/>RSU, Limpieza Viaria y Recogida Selectiva.)<\/strong><\/li>\n<li><strong>Jos\u00e9 Mar\u00eda M\u00e9ndez Lara (Delegado de Parques y Jardines y Comercio.)<\/strong><\/li>\n<li><strong>D. Israel Basc\u00f3n Gigato (Delegado de Deporte y Juventud.)<\/strong><\/li>\n<li><strong>Francisco Jos\u00e9 Arjona M\u00e9ndez (Delegado de Fiestas Mayores, Educaci\u00f3n y<br \/>Mayores.)<\/strong><\/li>\n<\/ul>\n<\/li>\n<\/ul>\n<ul>\n<li><strong>Y por el Grupo Municipal Utrera+:<\/strong>\n<ul>\n<li><strong>Isabel Mar\u00eda Gonz\u00e1lez Blanquero (Tercera Tenencia de Alcald\u00eda y Delegada de<br \/>Reactivaci\u00f3n Econ\u00f3mica, Empleo, Contrataci\u00f3n Administrativa, Vivienda,<br \/>Patrimonio y Recursos Humanos.<\/strong><\/li>\n<\/ul>\n<\/li>\n<\/ul>\n[\/et_pb_text][\/et_pb_column][\/et_pb_row][\/et_pb_section][et_pb_section fb_built=\u00bb1&#8243; disabled_on=\u00bbon|on|on\u00bb module_id=\u00bbJoseMariaVillalobosRamos\u00bb _builder_version=\u00bb4.16&#8243; disabled=\u00bbon\u00bb global_colors_info=\u00bb{}\u00bb][et_pb_row column_structure=\u00bb1_3,2_3&#8243; _builder_version=\u00bb4.16&#8243; background_size=\u00bbinitial\u00bb background_position=\u00bbtop_left\u00bb background_repeat=\u00bbrepeat\u00bb global_colors_info=\u00bb{}\u00bb][et_pb_column type=\u00bb1_3&#8243; _builder_version=\u00bb4.16&#8243; custom_padding=\u00bb|||\u00bb global_colors_info=\u00bb{}\u00bb custom_padding__hover=\u00bb|||\u00bb][et_pb_image src=\u00bbhttps:\/\/www.utrera.org\/wp-content\/uploads\/2023\/07\/PP_Alcalde_Francisco_Paula_Jimenez.jpg\u00bb title_text=\u00bbPP_Alcalde_Francisco_Paula_Jimenez\u00bb align_tablet=\u00bbcenter\u00bb align_phone=\u00bbcenter\u00bb align_last_edited=\u00bbon|desktop\u00bb _builder_version=\u00bb4.21.0&#8243; always_center_on_mobile=\u00bbon\u00bb global_colors_info=\u00bb{}\u00bb][\/et_pb_image][et_pb_text _builder_version=\u00bb4.21.0&#8243; global_colors_info=\u00bb{}\u00bb]\n<p><span class=\"wrapper-image \"><span class=\"saga-imagen-pie\"><span class=\"saga-imagen-pie-content\">Grupo Municipal PP<\/span><\/span><\/span><\/p>\n[\/et_pb_text][\/et_pb_column][et_pb_column type=\u00bb2_3&#8243; _builder_version=\u00bb4.16&#8243; custom_padding=\u00bb|||\u00bb global_colors_info=\u00bb{}\u00bb custom_padding__hover=\u00bb|||\u00bb][et_pb_text _builder_version=\u00bb4.21.0&#8243; global_colors_info=\u00bb{}\u00bb]\n<h3>Francisco de Paula Jim\u00e9nez Morales<\/h3>\n<p style=\"text-align: justify;\"><strong>Alcalde &#8211; Presidente<\/strong><\/p>\n[\/et_pb_text][\/et_pb_column][\/et_pb_row][\/et_pb_section][et_pb_section fb_built=\u00bb1&#8243; disabled_on=\u00bbon|on|on\u00bb module_id=\u00bbAntonioVillalbaJimenez\u00bb _builder_version=\u00bb4.16&#8243; disabled=\u00bbon\u00bb global_colors_info=\u00bb{}\u00bb][et_pb_row column_structure=\u00bb1_3,2_3&#8243; _builder_version=\u00bb4.16&#8243; background_size=\u00bbinitial\u00bb background_position=\u00bbtop_left\u00bb background_repeat=\u00bbrepeat\u00bb global_colors_info=\u00bb{}\u00bb][et_pb_column type=\u00bb1_3&#8243; _builder_version=\u00bb4.16&#8243; custom_padding=\u00bb|||\u00bb global_colors_info=\u00bb{}\u00bb custom_padding__hover=\u00bb|||\u00bb][et_pb_image src=\u00bbhttps:\/\/www.utrera.org\/wp-content\/uploads\/2017\/12\/PP_Consuelo_Navarro.jpg\u00bb title_text=\u00bbPP_Consuelo_Navarro\u00bb align_tablet=\u00bbcenter\u00bb align_phone=\u00bbcenter\u00bb align_last_edited=\u00bbon|desktop\u00bb admin_label=\u00bbConsuelo Navarro Navarro\u00bb _builder_version=\u00bb4.21.0&#8243; always_center_on_mobile=\u00bbon\u00bb global_colors_info=\u00bb{}\u00bb][\/et_pb_image][et_pb_text _builder_version=\u00bb4.21.0&#8243; global_colors_info=\u00bb{}\u00bb]\n<p><span class=\"wrapper-image \"><span class=\"saga-imagen-pie\"><span class=\"saga-imagen-pie-content\">Grupo Municipal PP<\/span><\/span><\/span><\/p>\n[\/et_pb_text][\/et_pb_column][et_pb_column type=\u00bb2_3&#8243; _builder_version=\u00bb4.16&#8243; custom_padding=\u00bb|||\u00bb global_colors_info=\u00bb{}\u00bb custom_padding__hover=\u00bb|||\u00bb][et_pb_text _builder_version=\u00bb4.21.0&#8243; global_colors_info=\u00bb{}\u00bb]\n<h3>Consuelo Navarro Navarro<\/h3>\n<p style=\"text-align: justify;\"><strong>Primera Tenencia de Alcald\u00eda y Delegada de Seguridad Ciudadana, Emergencias, Participaci\u00f3n Ciudadana, Movilidad, Medio Ambiente y Salubridad P\u00fablica<\/strong><\/p>\n[\/et_pb_text][\/et_pb_column][\/et_pb_row][\/et_pb_section][et_pb_section fb_built=\u00bb1&#8243; disabled_on=\u00bbon|on|on\u00bb module_id=\u00bbMJoseRuizTagua\u00bb _builder_version=\u00bb4.16&#8243; disabled=\u00bbon\u00bb global_colors_info=\u00bb{}\u00bb][et_pb_row column_structure=\u00bb1_3,2_3&#8243; _builder_version=\u00bb4.16&#8243; background_size=\u00bbinitial\u00bb background_position=\u00bbtop_left\u00bb background_repeat=\u00bbrepeat\u00bb global_colors_info=\u00bb{}\u00bb][et_pb_column type=\u00bb1_3&#8243; _builder_version=\u00bb4.16&#8243; custom_padding=\u00bb|||\u00bb global_colors_info=\u00bb{}\u00bb custom_padding__hover=\u00bb|||\u00bb][et_pb_image src=\u00bbhttps:\/\/www.utrera.org\/wp-content\/uploads\/2017\/12\/PP_Juan_Antonio_Plata.jpg\u00bb title_text=\u00bbPP_Juan_Antonio_Plata\u00bb align_tablet=\u00bbcenter\u00bb align_phone=\u00bbcenter\u00bb align_last_edited=\u00bbon|desktop\u00bb admin_label=\u00bbJuan Antonio Plata Reinaldo\u00bb _builder_version=\u00bb4.21.0&#8243; always_center_on_mobile=\u00bbon\u00bb global_colors_info=\u00bb{}\u00bb][\/et_pb_image][et_pb_text _builder_version=\u00bb4.21.0&#8243; global_colors_info=\u00bb{}\u00bb]\n<p><span class=\"wrapper-image \"><span class=\"saga-imagen-pie\"><span class=\"saga-imagen-pie-content\">Grupo Municipal PP<\/span><\/span><\/span><\/p>\n[\/et_pb_text][\/et_pb_column][et_pb_column type=\u00bb2_3&#8243; _builder_version=\u00bb4.16&#8243; custom_padding=\u00bb|||\u00bb global_colors_info=\u00bb{}\u00bb custom_padding__hover=\u00bb|||\u00bb][et_pb_text _builder_version=\u00bb4.21.0&#8243; global_colors_info=\u00bb{}\u00bb]\n<h3>Juan Antonio Plata Reinaldo<\/h3>\n<p style=\"text-align: justify;\"><strong>Segunda Tenencia de Alcald\u00eda y Delegado de Econom\u00eda y Hacienda<\/strong><\/p>\n[\/et_pb_text][\/et_pb_column][\/et_pb_row][\/et_pb_section][et_pb_section fb_built=\u00bb1&#8243; disabled_on=\u00bbon|on|on\u00bb module_id=\u00bbJoseVicenteLlorcaTinoco\u00bb _builder_version=\u00bb4.16&#8243; disabled=\u00bbon\u00bb global_colors_info=\u00bb{}\u00bb][et_pb_row column_structure=\u00bb1_3,2_3&#8243; _builder_version=\u00bb4.16&#8243; background_size=\u00bbinitial\u00bb background_position=\u00bbtop_left\u00bb background_repeat=\u00bbrepeat\u00bb global_colors_info=\u00bb{}\u00bb][et_pb_column type=\u00bb1_3&#8243; _builder_version=\u00bb4.16&#8243; custom_padding=\u00bb|||\u00bb global_colors_info=\u00bb{}\u00bb custom_padding__hover=\u00bb|||\u00bb][et_pb_image src=\u00bbhttps:\/\/www.utrera.org\/wp-content\/uploads\/2017\/12\/PP_Alba_Padilla_Jimenez.jpg\u00bb title_text=\u00bbPP_Alba_Padilla_Jim\u00e9nez\u00bb align_tablet=\u00bbcenter\u00bb align_phone=\u00bbcenter\u00bb align_last_edited=\u00bbon|desktop\u00bb admin_label=\u00bbAlba Padilla Jim\u00e9nez\u00bb _builder_version=\u00bb4.21.0&#8243; always_center_on_mobile=\u00bbon\u00bb global_colors_info=\u00bb{}\u00bb][\/et_pb_image][et_pb_text _builder_version=\u00bb4.21.0&#8243; global_colors_info=\u00bb{}\u00bb]\n<p><span class=\"wrapper-image \"><span class=\"saga-imagen-pie\"><span class=\"saga-imagen-pie-content\">Grupo Municipal PP<\/span><\/span><\/span><\/p>\n[\/et_pb_text][\/et_pb_column][et_pb_column type=\u00bb2_3&#8243; _builder_version=\u00bb4.16&#8243; custom_padding=\u00bb|||\u00bb global_colors_info=\u00bb{}\u00bb custom_padding__hover=\u00bb|||\u00bb][et_pb_text _builder_version=\u00bb4.21.0&#8243; global_colors_info=\u00bb{}\u00bb]\n<h3>Alba Padilla Jim\u00e9nez<\/h3>\n<p style=\"text-align: justify;\"><strong>Cuarta Tenencia de Alcald\u00eda y Delegada de Bienestar Social<\/strong><\/p>\n[\/et_pb_text][\/et_pb_column][\/et_pb_row][\/et_pb_section][et_pb_section fb_built=\u00bb1&#8243; disabled_on=\u00bbon|on|on\u00bb module_id=\u00bbLuisdelaTorreLinares\u00bb _builder_version=\u00bb4.16&#8243; disabled=\u00bbon\u00bb global_colors_info=\u00bb{}\u00bb][et_pb_row column_structure=\u00bb1_3,2_3&#8243; _builder_version=\u00bb4.16&#8243; background_size=\u00bbinitial\u00bb background_position=\u00bbtop_left\u00bb background_repeat=\u00bbrepeat\u00bb global_colors_info=\u00bb{}\u00bb][et_pb_column type=\u00bb1_3&#8243; _builder_version=\u00bb4.16&#8243; custom_padding=\u00bb|||\u00bb global_colors_info=\u00bb{}\u00bb custom_padding__hover=\u00bb|||\u00bb][et_pb_image src=\u00bbhttps:\/\/www.utrera.org\/wp-content\/uploads\/2017\/12\/PP_Jose_Antonio_Lopez.jpg\u00bb title_text=\u00bbPP_Jose_Antonio_Lopez\u00bb align_tablet=\u00bbcenter\u00bb align_phone=\u00bbcenter\u00bb align_last_edited=\u00bbon|desktop\u00bb admin_label=\u00bbJos\u00e9 Antonio L\u00f3pez Le\u00f3n\u00bb _builder_version=\u00bb4.21.0&#8243; always_center_on_mobile=\u00bbon\u00bb global_colors_info=\u00bb{}\u00bb][\/et_pb_image][et_pb_text _builder_version=\u00bb4.21.0&#8243; global_colors_info=\u00bb{}\u00bb]\n<p><span class=\"wrapper-image \"><span class=\"saga-imagen-pie\"><span class=\"saga-imagen-pie-content\">Grupo Municipal PP<\/span><\/span><\/span><\/p>\n[\/et_pb_text][\/et_pb_column][et_pb_column type=\u00bb2_3&#8243; _builder_version=\u00bb4.16&#8243; custom_padding=\u00bb|||\u00bb global_colors_info=\u00bb{}\u00bb custom_padding__hover=\u00bb|||\u00bb][et_pb_text _builder_version=\u00bb4.21.0&#8243; global_colors_info=\u00bb{}\u00bb]\n<h3>Jos\u00e9 Antonio L\u00f3pez Le\u00f3n<\/h3>\n<p style=\"text-align: justify;\"><strong>Quinta Tenencia de Alcald\u00eda y Delegado de Obras e Infraestructuras<\/strong><\/p>\n[\/et_pb_text][\/et_pb_column][\/et_pb_row][\/et_pb_section][et_pb_section fb_built=\u00bb1&#8243; disabled_on=\u00bbon|on|on\u00bb module_id=\u00bbMdelCarmenSuarezSerrano\u00bb _builder_version=\u00bb4.16&#8243; disabled=\u00bbon\u00bb global_colors_info=\u00bb{}\u00bb][et_pb_row column_structure=\u00bb1_3,2_3&#8243; _builder_version=\u00bb4.16&#8243; background_size=\u00bbinitial\u00bb background_position=\u00bbtop_left\u00bb background_repeat=\u00bbrepeat\u00bb global_colors_info=\u00bb{}\u00bb][et_pb_column type=\u00bb1_3&#8243; _builder_version=\u00bb4.16&#8243; custom_padding=\u00bb|||\u00bb global_colors_info=\u00bb{}\u00bb custom_padding__hover=\u00bb|||\u00bb][et_pb_image src=\u00bbhttps:\/\/www.utrera.org\/wp-content\/uploads\/2017\/12\/PP_Maria_Luisa_Reina.jpg\u00bb title_text=\u00bbPP_Maria_Luisa_Reina\u00bb align_tablet=\u00bbcenter\u00bb align_phone=\u00bbcenter\u00bb align_last_edited=\u00bbon|desktop\u00bb admin_label=\u00bbMar\u00eda Luisa Reina Rodr\u00edguez\u00bb _builder_version=\u00bb4.21.0&#8243; always_center_on_mobile=\u00bbon\u00bb global_colors_info=\u00bb{}\u00bb][\/et_pb_image][et_pb_text _builder_version=\u00bb4.21.0&#8243; global_colors_info=\u00bb{}\u00bb]\n<p><span class=\"wrapper-image \"><span class=\"saga-imagen-pie\"><span class=\"saga-imagen-pie-content\">Grupo Municipal PP<\/span><\/span><\/span><\/p>\n[\/et_pb_text][\/et_pb_column][et_pb_column type=\u00bb2_3&#8243; _builder_version=\u00bb4.16&#8243; custom_padding=\u00bb|||\u00bb global_colors_info=\u00bb{}\u00bb custom_padding__hover=\u00bb|||\u00bb][et_pb_text _builder_version=\u00bb4.21.0&#8243; global_colors_info=\u00bb{}\u00bb]\n<h3>M\u00aa Luisa Reina Rodr\u00edguez<\/h3>\n<p style=\"text-align: justify;\"><strong>Sexta Tenencia de Alcald\u00eda y Delegada de Urbanismo<\/strong><\/p>\n[\/et_pb_text][\/et_pb_column][\/et_pb_row][\/et_pb_section][et_pb_section fb_built=\u00bb1&#8243; disabled_on=\u00bbon|on|on\u00bb module_id=\u00bbCarmenVioletaFernandezTerrino\u00bb _builder_version=\u00bb4.16&#8243; disabled=\u00bbon\u00bb global_colors_info=\u00bb{}\u00bb][et_pb_row column_structure=\u00bb1_3,2_3&#8243; _builder_version=\u00bb4.16&#8243; background_size=\u00bbinitial\u00bb background_position=\u00bbtop_left\u00bb background_repeat=\u00bbrepeat\u00bb global_colors_info=\u00bb{}\u00bb][et_pb_column type=\u00bb1_3&#8243; _builder_version=\u00bb4.16&#8243; custom_padding=\u00bb|||\u00bb global_colors_info=\u00bb{}\u00bb custom_padding__hover=\u00bb|||\u00bb][et_pb_image src=\u00bbhttps:\/\/www.utrera.org\/wp-content\/uploads\/2017\/12\/PP_Maria_Josefa_Pia.jpg\u00bb title_text=\u00bbPP_Maria_Josefa_Pia\u00bb align_tablet=\u00bbcenter\u00bb align_phone=\u00bbcenter\u00bb align_last_edited=\u00bbon|desktop\u00bb admin_label=\u00bbMaria Josefa P\u00eda Garc\u00eda Arroyo\u00bb _builder_version=\u00bb4.21.0&#8243; always_center_on_mobile=\u00bbon\u00bb global_colors_info=\u00bb{}\u00bb][\/et_pb_image][et_pb_text _builder_version=\u00bb4.21.0&#8243; global_colors_info=\u00bb{}\u00bb]\n<p><span class=\"wrapper-image \"><span class=\"saga-imagen-pie\"><span class=\"saga-imagen-pie-content\">Grupo Municipal PP<\/span><\/span><\/span><\/p>\n[\/et_pb_text][\/et_pb_column][et_pb_column type=\u00bb2_3&#8243; _builder_version=\u00bb4.16&#8243; custom_padding=\u00bb|||\u00bb global_colors_info=\u00bb{}\u00bb custom_padding__hover=\u00bb|||\u00bb][et_pb_text _builder_version=\u00bb4.21.0&#8243; global_colors_info=\u00bb{}\u00bb]\n<h3>M\u00aa Josefa P\u00eda Garc\u00eda Arroyo<\/h3>\n<p style=\"text-align: justify;\"><strong>S\u00e9ptima Tenencia de Alcald\u00eda y Delegada de Humanidades<\/strong><\/p>\n[\/et_pb_text][\/et_pb_column][\/et_pb_row][\/et_pb_section][et_pb_section fb_built=\u00bb1&#8243; disabled_on=\u00bbon|on|on\u00bb module_id=\u00bbCarmenVioletaFernandezTerrino\u00bb _builder_version=\u00bb4.16&#8243; disabled=\u00bbon\u00bb global_colors_info=\u00bb{}\u00bb][et_pb_row column_structure=\u00bb1_3,2_3&#8243; _builder_version=\u00bb4.16&#8243; background_size=\u00bbinitial\u00bb background_position=\u00bbtop_left\u00bb background_repeat=\u00bbrepeat\u00bb global_colors_info=\u00bb{}\u00bb][et_pb_column type=\u00bb1_3&#8243; _builder_version=\u00bb4.16&#8243; custom_padding=\u00bb|||\u00bb global_colors_info=\u00bb{}\u00bb custom_padding__hover=\u00bb|||\u00bb][et_pb_image src=\u00bbhttps:\/\/www.utrera.org\/wp-content\/uploads\/2017\/12\/PP_Ignacio_Jose_Aguilar.jpg\u00bb title_text=\u00bbPP_Ignacio_Jose_Aguilar\u00bb align_tablet=\u00bbcenter\u00bb align_phone=\u00bbcenter\u00bb align_last_edited=\u00bbon|desktop\u00bb admin_label=\u00bbIgnacio Jos\u00e9 Aguilar Ferrera.\u00bb _builder_version=\u00bb4.21.0&#8243; always_center_on_mobile=\u00bbon\u00bb global_colors_info=\u00bb{}\u00bb][\/et_pb_image][et_pb_text _builder_version=\u00bb4.21.0&#8243; global_colors_info=\u00bb{}\u00bb]\n<p><span class=\"wrapper-image \"><span class=\"saga-imagen-pie\"><span class=\"saga-imagen-pie-content\">Grupo Municipal PP<\/span><\/span><\/span><\/p>\n[\/et_pb_text][\/et_pb_column][et_pb_column type=\u00bb2_3&#8243; _builder_version=\u00bb4.16&#8243; custom_padding=\u00bb|||\u00bb global_colors_info=\u00bb{}\u00bb custom_padding__hover=\u00bb|||\u00bb][et_pb_text _builder_version=\u00bb4.21.0&#8243; global_colors_info=\u00bb{}\u00bb]\n<h3>Ignacio Jos\u00e9 Aguilar Ferrera<\/h3>\n<p style=\"text-align: justify;\"><strong>Octava Tenencia de Alcald\u00eda y Delegado de Presidencia y Coordinaci\u00f3n de \u00c1reas<\/strong><\/p>\n[\/et_pb_text][\/et_pb_column][\/et_pb_row][\/et_pb_section][et_pb_section fb_built=\u00bb1&#8243; disabled_on=\u00bbon|on|on\u00bb module_id=\u00bbTamaraCasalHermoso\u00bb _builder_version=\u00bb4.16&#8243; disabled=\u00bbon\u00bb global_colors_info=\u00bb{}\u00bb][et_pb_row column_structure=\u00bb1_3,2_3&#8243; _builder_version=\u00bb4.16&#8243; background_size=\u00bbinitial\u00bb background_position=\u00bbtop_left\u00bb background_repeat=\u00bbrepeat\u00bb global_colors_info=\u00bb{}\u00bb][et_pb_column type=\u00bb1_3&#8243; _builder_version=\u00bb4.16&#8243; custom_padding=\u00bb|||\u00bb global_colors_info=\u00bb{}\u00bb custom_padding__hover=\u00bb|||\u00bb][et_pb_image src=\u00bbhttps:\/\/www.utrera.org\/wp-content\/uploads\/2017\/12\/PP_Jose_Luis_Sousa.jpg\u00bb title_text=\u00bbPP_Jose_Luis_Sousa\u00bb align_tablet=\u00bbcenter\u00bb align_phone=\u00bbcenter\u00bb align_last_edited=\u00bbon|desktop\u00bb admin_label=\u00bbJos\u00e9 Luis Sousa Mar\u00edn\u00bb _builder_version=\u00bb4.21.0&#8243; always_center_on_mobile=\u00bbon\u00bb global_colors_info=\u00bb{}\u00bb][\/et_pb_image][et_pb_text _builder_version=\u00bb4.21.0&#8243; global_colors_info=\u00bb{}\u00bb]\n<p><span class=\"wrapper-image \"><span class=\"saga-imagen-pie\"><span class=\"saga-imagen-pie-content\">Grupo Municipal PP<\/span><\/span><\/span><\/p>\n[\/et_pb_text][\/et_pb_column][et_pb_column type=\u00bb2_3&#8243; _builder_version=\u00bb4.16&#8243; custom_padding=\u00bb|||\u00bb global_colors_info=\u00bb{}\u00bb custom_padding__hover=\u00bb|||\u00bb][et_pb_text _builder_version=\u00bb4.21.0&#8243; global_colors_info=\u00bb{}\u00bb]\n<h3>Jos\u00e9 Luis Sousa Mar\u00edn<\/h3>\n<p><strong>Delegado de Nuevas Tecnolog\u00edas, TDT, Transparencia, Ciudad Inteligente y Pol\u00edtica Territorial.<\/strong><\/p>\n[\/et_pb_text][\/et_pb_column][\/et_pb_row][\/et_pb_section][et_pb_section fb_built=\u00bb1&#8243; disabled_on=\u00bbon|on|on\u00bb module_id=\u00bbAnaCerrilloJimenez\u00bb _builder_version=\u00bb4.16&#8243; disabled=\u00bbon\u00bb global_colors_info=\u00bb{}\u00bb][et_pb_row column_structure=\u00bb1_3,2_3&#8243; _builder_version=\u00bb4.16&#8243; background_size=\u00bbinitial\u00bb background_position=\u00bbtop_left\u00bb background_repeat=\u00bbrepeat\u00bb global_colors_info=\u00bb{}\u00bb][et_pb_column type=\u00bb1_3&#8243; _builder_version=\u00bb4.16&#8243; custom_padding=\u00bb|||\u00bb global_colors_info=\u00bb{}\u00bb custom_padding__hover=\u00bb|||\u00bb][et_pb_image src=\u00bbhttps:\/\/www.utrera.org\/wp-content\/uploads\/2017\/12\/PP_Felix_Gomez.jpg\u00bb title_text=\u00bbPP_Felix_Gomez\u00bb align_tablet=\u00bbcenter\u00bb align_phone=\u00bbcenter\u00bb align_last_edited=\u00bbon|desktop\u00bb admin_label=\u00bbF\u00e9lix G\u00f3mez Barro\u00bb _builder_version=\u00bb4.21.0&#8243; always_center_on_mobile=\u00bbon\u00bb global_colors_info=\u00bb{}\u00bb][\/et_pb_image][et_pb_text _builder_version=\u00bb4.21.0&#8243; global_colors_info=\u00bb{}\u00bb]\n<p><span class=\"wrapper-image \"><span class=\"saga-imagen-pie\"><span class=\"saga-imagen-pie-content\">Grupo Municipal PP<\/span><\/span><\/span><\/p>\n[\/et_pb_text][\/et_pb_column][et_pb_column type=\u00bb2_3&#8243; _builder_version=\u00bb4.16&#8243; custom_padding=\u00bb|||\u00bb global_colors_info=\u00bb{}\u00bb custom_padding__hover=\u00bb|||\u00bb][et_pb_text _builder_version=\u00bb4.21.0&#8243; global_colors_info=\u00bb{}\u00bb]\n<h3>F\u00e9lix G\u00f3mez Barro<\/h3>\n<p><strong>Delegado de Participaci\u00f3n Ciudadana, Recogida RSU, Limpieza Viaria y Recogida Selectiva de Productos<\/strong><\/p>\n[\/et_pb_text][\/et_pb_column][\/et_pb_row][\/et_pb_section][et_pb_section fb_built=\u00bb1&#8243; disabled_on=\u00bbon|on|on\u00bb module_id=\u00bbCarlosGuiraoPayan\u00bb _builder_version=\u00bb4.16&#8243; disabled=\u00bbon\u00bb global_colors_info=\u00bb{}\u00bb][et_pb_row column_structure=\u00bb1_3,2_3&#8243; _builder_version=\u00bb4.16&#8243; background_size=\u00bbinitial\u00bb background_position=\u00bbtop_left\u00bb background_repeat=\u00bbrepeat\u00bb global_colors_info=\u00bb{}\u00bb][et_pb_column type=\u00bb1_3&#8243; _builder_version=\u00bb4.16&#8243; custom_padding=\u00bb|||\u00bb global_colors_info=\u00bb{}\u00bb custom_padding__hover=\u00bb|||\u00bb][et_pb_image src=\u00bbhttps:\/\/www.utrera.org\/wp-content\/uploads\/2019\/06\/Juntos-por-Utrera-Jose-Mari\u0301a-Me\u0301ndez-Lara.jpg\u00bb alt=\u00bbJuntos-por-Utrera-Jose-Mari\u0301a-Me\u0301ndez-Lara\u00bb title_text=\u00bbJuntos-por-Utrera-Jose-Mari\u0301a-Me\u0301ndez-Lara\u00bb align_tablet=\u00bbcenter\u00bb align_phone=\u00bbcenter\u00bb align_last_edited=\u00bbon|desktop\u00bb admin_label=\u00bbJos\u00e9 Mar\u00eda M\u00e9ndez Lara\u00bb _builder_version=\u00bb4.21.0&#8243; always_center_on_mobile=\u00bbon\u00bb global_colors_info=\u00bb{}\u00bb][\/et_pb_image][et_pb_text _builder_version=\u00bb4.21.0&#8243; global_colors_info=\u00bb{}\u00bb]\n<p><span class=\"wrapper-image \"><span class=\"saga-imagen-pie\"><span class=\"saga-imagen-pie-content\">Grupo Municipal PP<\/span><\/span><\/span><\/p>\n[\/et_pb_text][\/et_pb_column][et_pb_column type=\u00bb2_3&#8243; _builder_version=\u00bb4.16&#8243; custom_padding=\u00bb|||\u00bb global_colors_info=\u00bb{}\u00bb custom_padding__hover=\u00bb|||\u00bb][et_pb_text _builder_version=\u00bb4.21.0&#8243; global_colors_info=\u00bb{}\u00bb]\n<h3>Jos\u00e9 Mar\u00eda M\u00e9ndez Lara<\/h3>\n<p><strong>Delegado de Participaci\u00f3n Ciudadana, Pol\u00edtica Territorial y Comercio<\/strong><\/p>\n[\/et_pb_text][\/et_pb_column][\/et_pb_row][\/et_pb_section][et_pb_section fb_built=\u00bb1&#8243; disabled_on=\u00bbon|on|on\u00bb module_id=\u00bbSandraGomezCaro\u00bb _builder_version=\u00bb4.16&#8243; disabled=\u00bbon\u00bb global_colors_info=\u00bb{}\u00bb][et_pb_row column_structure=\u00bb1_3,2_3&#8243; _builder_version=\u00bb4.16&#8243; background_size=\u00bbinitial\u00bb background_position=\u00bbtop_left\u00bb background_repeat=\u00bbrepeat\u00bb global_colors_info=\u00bb{}\u00bb][et_pb_column type=\u00bb1_3&#8243; _builder_version=\u00bb4.16&#8243; custom_padding=\u00bb|||\u00bb global_colors_info=\u00bb{}\u00bb custom_padding__hover=\u00bb|||\u00bb][et_pb_image src=\u00bbhttps:\/\/www.utrera.org\/wp-content\/uploads\/2017\/12\/PP_Israel_Bascon.jpg\u00bb title_text=\u00bbPP_Israel_Bascon\u00bb align_tablet=\u00bbcenter\u00bb align_phone=\u00bbcenter\u00bb align_last_edited=\u00bbon|desktop\u00bb admin_label=\u00bbIsrael Basc\u00f3n Gigato\u00bb _builder_version=\u00bb4.21.0&#8243; always_center_on_mobile=\u00bbon\u00bb global_colors_info=\u00bb{}\u00bb][\/et_pb_image][et_pb_text _builder_version=\u00bb4.21.0&#8243; global_colors_info=\u00bb{}\u00bb]\n<p><span class=\"wrapper-image \"><span class=\"saga-imagen-pie\"><span class=\"saga-imagen-pie-content\">Grupo Municipal PP<\/span><\/span><\/span><\/p>\n[\/et_pb_text][\/et_pb_column][et_pb_column type=\u00bb2_3&#8243; _builder_version=\u00bb4.16&#8243; custom_padding=\u00bb|||\u00bb global_colors_info=\u00bb{}\u00bb custom_padding__hover=\u00bb|||\u00bb][et_pb_text _builder_version=\u00bb4.21.0&#8243; global_colors_info=\u00bb{}\u00bb]\n<h3>Israel Basc\u00f3n Gigato<\/h3>\n<p><strong>Delegado de Deportes y Juventud<\/strong><\/p>\n<p style=\"text-align: justify;\">[\/et_pb_text][\/et_pb_column][\/et_pb_row][\/et_pb_section][et_pb_section fb_built=\u00bb1&#8243; disabled_on=\u00bbon|on|on\u00bb module_id=\u00bbSandraGomezCaro\u00bb _builder_version=\u00bb4.16&#8243; disabled=\u00bbon\u00bb global_colors_info=\u00bb{}\u00bb][et_pb_row column_structure=\u00bb1_3,2_3&#8243; _builder_version=\u00bb4.16&#8243; background_size=\u00bbinitial\u00bb background_position=\u00bbtop_left\u00bb background_repeat=\u00bbrepeat\u00bb global_colors_info=\u00bb{}\u00bb][et_pb_column type=\u00bb1_3&#8243; _builder_version=\u00bb4.16&#8243; custom_padding=\u00bb|||\u00bb global_colors_info=\u00bb{}\u00bb custom_padding__hover=\u00bb|||\u00bb][et_pb_image src=\u00bbhttps:\/\/www.utrera.org\/wp-content\/uploads\/2017\/12\/PP_Francisco_Jose_Arjona.jpg\u00bb title_text=\u00bbPP_Francisco_Jose_Arjona\u00bb align_tablet=\u00bbcenter\u00bb align_phone=\u00bbcenter\u00bb align_last_edited=\u00bbon|desktop\u00bb admin_label=\u00bbFrancisco JOs\u00e9 Arjona M\u00e9ndez\u00bb _builder_version=\u00bb4.21.0&#8243; always_center_on_mobile=\u00bbon\u00bb global_colors_info=\u00bb{}\u00bb][\/et_pb_image][et_pb_text _builder_version=\u00bb4.21.0&#8243; global_colors_info=\u00bb{}\u00bb]\n<p><span class=\"wrapper-image \"><span class=\"saga-imagen-pie\"><span class=\"saga-imagen-pie-content\">Grupo Municipal PP<\/span><\/span><\/span><\/p>\n[\/et_pb_text][\/et_pb_column][et_pb_column type=\u00bb2_3&#8243; _builder_version=\u00bb4.16&#8243; custom_padding=\u00bb|||\u00bb global_colors_info=\u00bb{}\u00bb custom_padding__hover=\u00bb|||\u00bb][et_pb_text _builder_version=\u00bb4.21.0&#8243; global_colors_info=\u00bb{}\u00bb]\n<h3>Francisco Jos\u00e9 Arjona M\u00e9ndez<\/h3>\n<p><strong>Delegado de Turismo, Fiestas Mayores y Promoci\u00f3n de la Ciudad<\/strong><\/p>\n[\/et_pb_text][\/et_pb_column][\/et_pb_row][\/et_pb_section][et_pb_section fb_built=\u00bb1&#8243; disabled_on=\u00bbon|on|on\u00bb _builder_version=\u00bb4.21.0&#8243; _module_preset=\u00bbdefault\u00bb disabled=\u00bbon\u00bb global_colors_info=\u00bb{}\u00bb][et_pb_row _builder_version=\u00bb4.21.0&#8243; _module_preset=\u00bbdefault\u00bb global_colors_info=\u00bb{}\u00bb][et_pb_column type=\u00bb4_4&#8243; _builder_version=\u00bb4.21.0&#8243; _module_preset=\u00bbdefault\u00bb global_colors_info=\u00bb{}\u00bb][et_pb_text _builder_version=\u00bb4.21.0&#8243; _module_preset=\u00bbdefault\u00bb global_colors_info=\u00bb{}\u00bb]\n<ul>\n<li><strong>Por el Grupo Municipal Utrera+:\u00a0<\/strong><\/li>\n<\/ul>\n<blockquote><\/blockquote>\n[\/et_pb_text][\/et_pb_column][\/et_pb_row][et_pb_row column_structure=\u00bb1_3,2_3&#8243; _builder_version=\u00bb4.16&#8243; background_size=\u00bbinitial\u00bb background_position=\u00bbtop_left\u00bb background_repeat=\u00bbrepeat\u00bb global_colors_info=\u00bb{}\u00bb][et_pb_column type=\u00bb1_3&#8243; _builder_version=\u00bb4.16&#8243; custom_padding=\u00bb|||\u00bb global_colors_info=\u00bb{}\u00bb custom_padding__hover=\u00bb|||\u00bb][et_pb_image src=\u00bbhttps:\/\/www.utrera.org\/wp-content\/uploads\/2017\/12\/Utrera_Isabel_Maria_Gonzalez.jpg\u00bb title_text=\u00bbUtrera+_Isabel_Maria_Gonzalez\u00bb align_tablet=\u00bbcenter\u00bb align_phone=\u00bbcenter\u00bb align_last_edited=\u00bbon|desktop\u00bb admin_label=\u00bbIsabel M\u00aa Gonz\u00e1lez Blanquero\u00bb _builder_version=\u00bb4.21.0&#8243; always_center_on_mobile=\u00bbon\u00bb global_colors_info=\u00bb{}\u00bb][\/et_pb_image][et_pb_text _builder_version=\u00bb4.21.0&#8243; global_colors_info=\u00bb{}\u00bb]\n<p><span class=\"wrapper-image \"><span class=\"saga-imagen-pie\"><span class=\"saga-imagen-pie-content\">Grupo Municipal Utrera +<\/span><\/span><\/span><\/p>\n[\/et_pb_text][\/et_pb_column][et_pb_column type=\u00bb2_3&#8243; _builder_version=\u00bb4.16&#8243; custom_padding=\u00bb|||\u00bb global_colors_info=\u00bb{}\u00bb custom_padding__hover=\u00bb|||\u00bb][et_pb_text _builder_version=\u00bb4.21.0&#8243; global_colors_info=\u00bb{}\u00bb]\n<h3>Isabel M\u00aa Gonz\u00e1lez Blanquero<\/h3>\n<p style=\"text-align: justify;\"><strong>Tercera Tenencia de Alcald\u00eda y Delegada de reactivaci\u00f3n Econ\u00f3mica, Empleo y Recursos Humanos<\/strong><\/p>\n[\/et_pb_text][\/et_pb_column][\/et_pb_row][\/et_pb_section]\n","protected":false},"excerpt":{"rendered":"<p>Integrado por 14 miembros: Por el Grupo Municipal del Partido Popular (PP): Francisco Paula Jim\u00e9nez Morales (Alcalde-Presidente) Consuelo Navarro Navarro (Primera Tenencia de Alcald\u00eda y Delegada deParticipaci\u00f3n Ciudadana, Medio Ambiente, Salubridad P\u00fablica y BienestarAnimal.) Juan Antonio Plata Reinaldo (Segunda Tenencia de Alcald\u00eda y Delegado dePresidencia, Seguridad Ciudadana y Emergencias, Coordinaci\u00f3n de \u00c1reas yRelaciones Institucionales.) Alba [&hellip;]<\/p>\n","protected":false},"author":2,"featured_media":0,"parent":0,"menu_order":0,"comment_status":"closed","ping_status":"closed","template":"","meta":{"_et_pb_use_builder":"on","_et_pb_old_content":"","_et_gb_content_width":"","footnotes":""},"class_list":["post-10795","page","type-page","status-publish","hentry"],"yoast_head":"<!-- This site is optimized with the Yoast SEO plugin v27.3 - https:\/\/yoast.com\/product\/yoast-seo-wordpress\/ -->\n<title>Gobierno municipal - Ayuntamiento de Utrera<\/title>\n<meta name=\"robots\" content=\"index, follow, max-snippet:-1, max-image-preview:large, max-video-preview:-1\" \/>\n<link rel=\"canonical\" href=\"https:\/\/www.utrera.org\/en\/gobierno-municipal\/\" \/>\n<meta property=\"og:locale\" content=\"en_GB\" \/>\n<meta property=\"og:type\" content=\"article\" \/>\n<meta property=\"og:title\" content=\"Gobierno municipal - Ayuntamiento de Utrera\" \/>\n<meta property=\"og:description\" content=\"Integrado por 14 miembros: Por el Grupo Municipal del Partido Popular (PP): Francisco Paula Jim\u00e9nez Morales (Alcalde-Presidente) Consuelo Navarro Navarro (Primera Tenencia de Alcald\u00eda y Delegada deParticipaci\u00f3n Ciudadana, Medio Ambiente, Salubridad P\u00fablica y BienestarAnimal.) Juan Antonio Plata Reinaldo (Segunda Tenencia de Alcald\u00eda y Delegado dePresidencia, Seguridad Ciudadana y Emergencias, Coordinaci\u00f3n de \u00c1reas yRelaciones Institucionales.) Alba [&hellip;]\" \/>\n<meta property=\"og:url\" content=\"https:\/\/www.utrera.org\/en\/gobierno-municipal\/\" \/>\n<meta property=\"og:site_name\" content=\"Ayuntamiento de Utrera\" \/>\n<meta property=\"article:publisher\" content=\"https:\/\/www.facebook.com\/AyuntamientodeUtrera\/\" \/>\n<meta property=\"article:modified_time\" content=\"2026-02-10T15:40:09+00:00\" \/>\n<meta name=\"twitter:card\" content=\"summary_large_image\" \/>\n<meta name=\"twitter:site\" content=\"@CiudadUtrera\" \/>\n<meta name=\"twitter:label1\" content=\"Est. reading time\" \/>\n\t<meta name=\"twitter:data1\" content=\"2 minutes\" \/>\n<script type=\"application\/ld+json\" class=\"yoast-schema-graph\">{\"@context\":\"https:\\\/\\\/schema.org\",\"@graph\":[{\"@type\":\"WebPage\",\"@id\":\"https:\\\/\\\/www.utrera.org\\\/gobierno-municipal\\\/\",\"url\":\"https:\\\/\\\/www.utrera.org\\\/gobierno-municipal\\\/\",\"name\":\"Gobierno municipal - Ayuntamiento de Utrera\",\"isPartOf\":{\"@id\":\"https:\\\/\\\/www.utrera.org\\\/#website\"},\"datePublished\":\"2018-08-02T11:33:09+00:00\",\"dateModified\":\"2026-02-10T15:40:09+00:00\",\"breadcrumb\":{\"@id\":\"https:\\\/\\\/www.utrera.org\\\/gobierno-municipal\\\/#breadcrumb\"},\"inLanguage\":\"en-GB\",\"potentialAction\":[{\"@type\":\"ReadAction\",\"target\":[\"https:\\\/\\\/www.utrera.org\\\/gobierno-municipal\\\/\"]}]},{\"@type\":\"BreadcrumbList\",\"@id\":\"https:\\\/\\\/www.utrera.org\\\/gobierno-municipal\\\/#breadcrumb\",\"itemListElement\":[{\"@type\":\"ListItem\",\"position\":1,\"name\":\"Inicio\",\"item\":\"https:\\\/\\\/www.utrera.org\\\/\"},{\"@type\":\"ListItem\",\"position\":2,\"name\":\"Gobierno municipal\"}]},{\"@type\":\"WebSite\",\"@id\":\"https:\\\/\\\/www.utrera.org\\\/#website\",\"url\":\"https:\\\/\\\/www.utrera.org\\\/\",\"name\":\"Ayuntamiento de Utrera\",\"description\":\"Web Municipal del Ayuntamiento de Utrera\",\"potentialAction\":[{\"@type\":\"SearchAction\",\"target\":{\"@type\":\"EntryPoint\",\"urlTemplate\":\"https:\\\/\\\/www.utrera.org\\\/?s={search_term_string}\"},\"query-input\":{\"@type\":\"PropertyValueSpecification\",\"valueRequired\":true,\"valueName\":\"search_term_string\"}}],\"inLanguage\":\"en-GB\"}]}<\/script>\n<!-- \/ Yoast SEO plugin. -->","yoast_head_json":{"title":"Gobierno municipal - Ayuntamiento de Utrera","robots":{"index":"index","follow":"follow","max-snippet":"max-snippet:-1","max-image-preview":"max-image-preview:large","max-video-preview":"max-video-preview:-1"},"canonical":"https:\/\/www.utrera.org\/en\/gobierno-municipal\/","og_locale":"en_GB","og_type":"article","og_title":"Gobierno municipal - Ayuntamiento de Utrera","og_description":"Integrado por 14 miembros: Por el Grupo Municipal del Partido Popular (PP): Francisco Paula Jim\u00e9nez Morales (Alcalde-Presidente) Consuelo Navarro Navarro (Primera Tenencia de Alcald\u00eda y Delegada deParticipaci\u00f3n Ciudadana, Medio Ambiente, Salubridad P\u00fablica y BienestarAnimal.) Juan Antonio Plata Reinaldo (Segunda Tenencia de Alcald\u00eda y Delegado dePresidencia, Seguridad Ciudadana y Emergencias, Coordinaci\u00f3n de \u00c1reas yRelaciones Institucionales.) Alba [&hellip;]","og_url":"https:\/\/www.utrera.org\/en\/gobierno-municipal\/","og_site_name":"Ayuntamiento de Utrera","article_publisher":"https:\/\/www.facebook.com\/AyuntamientodeUtrera\/","article_modified_time":"2026-02-10T15:40:09+00:00","twitter_card":"summary_large_image","twitter_site":"@CiudadUtrera","twitter_misc":{"Est. reading time":"2 minutes"},"schema":{"@context":"https:\/\/schema.org","@graph":[{"@type":"WebPage","@id":"https:\/\/www.utrera.org\/gobierno-municipal\/","url":"https:\/\/www.utrera.org\/gobierno-municipal\/","name":"Gobierno municipal - Ayuntamiento de Utrera","isPartOf":{"@id":"https:\/\/www.utrera.org\/#website"},"datePublished":"2018-08-02T11:33:09+00:00","dateModified":"2026-02-10T15:40:09+00:00","breadcrumb":{"@id":"https:\/\/www.utrera.org\/gobierno-municipal\/#breadcrumb"},"inLanguage":"en-GB","potentialAction":[{"@type":"ReadAction","target":["https:\/\/www.utrera.org\/gobierno-municipal\/"]}]},{"@type":"BreadcrumbList","@id":"https:\/\/www.utrera.org\/gobierno-municipal\/#breadcrumb","itemListElement":[{"@type":"ListItem","position":1,"name":"Inicio","item":"https:\/\/www.utrera.org\/"},{"@type":"ListItem","position":2,"name":"Gobierno municipal"}]},{"@type":"WebSite","@id":"https:\/\/www.utrera.org\/#website","url":"https:\/\/www.utrera.org\/","name":"City Council of Utrera","description":"Web Municipal del Ayuntamiento de Utrera","potentialAction":[{"@type":"SearchAction","target":{"@type":"EntryPoint","urlTemplate":"https:\/\/www.utrera.org\/?s={search_term_string}"},"query-input":{"@type":"PropertyValueSpecification","valueRequired":true,"valueName":"search_term_string"}}],"inLanguage":"en-GB"}]}},"_links":{"self":[{"href":"https:\/\/www.utrera.org\/en\/wp-json\/wp\/v2\/pages\/10795","targetHints":{"allow":["GET"]}}],"collection":[{"href":"https:\/\/www.utrera.org\/en\/wp-json\/wp\/v2\/pages"}],"about":[{"href":"https:\/\/www.utrera.org\/en\/wp-json\/wp\/v2\/types\/page"}],"author":[{"embeddable":true,"href":"https:\/\/www.utrera.org\/en\/wp-json\/wp\/v2\/users\/2"}],"replies":[{"embeddable":true,"href":"https:\/\/www.utrera.org\/en\/wp-json\/wp\/v2\/comments?post=10795"}],"version-history":[{"count":30,"href":"https:\/\/www.utrera.org\/en\/wp-json\/wp\/v2\/pages\/10795\/revisions"}],"predecessor-version":[{"id":63349,"href":"https:\/\/www.utrera.org\/en\/wp-json\/wp\/v2\/pages\/10795\/revisions\/63349"}],"wp:attachment":[{"href":"https:\/\/www.utrera.org\/en\/wp-json\/wp\/v2\/media?parent=10795"}],"curies":[{"name":"wp","href":"https:\/\/api.w.org\/{rel}","templated":true}]}}